{"id":4305,"date":"2023-03-01T11:53:54","date_gmt":"2023-03-01T10:53:54","guid":{"rendered":"https:\/\/parolesdeplumes.com\/?page_id=4305"},"modified":"2023-09-25T13:44:21","modified_gmt":"2023-09-25T11:44:21","slug":"au-crepuscule-de-lhiver","status":"publish","type":"page","link":"https:\/\/parolesdeplumes.com\/index.php\/au-crepuscule-de-lhiver\/","title":{"rendered":"H\u00e9ritiers du Solstice"},"content":{"rendered":"\t\t<div data-elementor-type=\"wp-page\" data-elementor-id=\"4305\" class=\"elementor elementor-4305\">\n\t\t\t\t\t\t\t\t\t<section class=\"elementor-section elementor-top-section elementor-element elementor-element-2886dfd elementor-section-boxed elementor-section-height-default elementor-section-height-default\" data-id=\"2886dfd\" data-element_type=\"section\">\n\t\t\t\t\t\t<div class=\"elementor-container elementor-column-gap-default\">\n\t\t\t\t\t<div class=\"elementor-column elementor-col-50 elementor-top-column elementor-element elementor-element-d463253\" data-id=\"d463253\" data-element_type=\"column\">\n\t\t\t<div class=\"elementor-widget-wrap elementor-element-populated\">\n\t\t\t\t\t\t\t\t<div class=\"elementor-element elementor-element-0d785ca elementor-widget elementor-widget-image\" data-id=\"0d785ca\" data-element_type=\"widget\" data-widget_type=\"image.default\">\n\t\t\t\t<div class=\"elementor-widget-container\">\n\t\t\t\t\t\t\t\t\t\t\t\t\t\t\t<img width=\"657\" height=\"1024\" src=\"https:\/\/parolesdeplumes.com\/wp-content\/uploads\/2023\/03\/FLORIE-F-Marie-Heritiers-du-Solstice-657x1024.jpg\" class=\"attachment-large size-large\" alt=\"Au cr\u00e9puscule de l&#039;hiver\" loading=\"lazy\" srcset=\"https:\/\/parolesdeplumes.com\/wp-content\/uploads\/2023\/03\/FLORIE-F-Marie-Heritiers-du-Solstice-657x1024.jpg 657w, https:\/\/parolesdeplumes.com\/wp-content\/uploads\/2023\/03\/FLORIE-F-Marie-Heritiers-du-Solstice-193x300.jpg 193w, https:\/\/parolesdeplumes.com\/wp-content\/uploads\/2023\/03\/FLORIE-F-Marie-Heritiers-du-Solstice-768x1197.jpg 768w, https:\/\/parolesdeplumes.com\/wp-content\/uploads\/2023\/03\/FLORIE-F-Marie-Heritiers-du-Solstice-986x1536.jpg 986w, https:\/\/parolesdeplumes.com\/wp-content\/uploads\/2023\/03\/FLORIE-F-Marie-Heritiers-du-Solstice-1314x2048.jpg 1314w, https:\/\/parolesdeplumes.com\/wp-content\/uploads\/2023\/03\/FLORIE-F-Marie-Heritiers-du-Solstice-700x1091.jpg 700w, https:\/\/parolesdeplumes.com\/wp-content\/uploads\/2023\/03\/FLORIE-F-Marie-Heritiers-du-Solstice.jpg 1600w\" sizes=\"(max-width: 657px) 100vw, 657px\" \/>\t\t\t\t\t\t\t\t\t\t\t\t\t\t\t<\/div>\n\t\t\t\t<\/div>\n\t\t\t\t\t<\/div>\n\t\t<\/div>\n\t\t\t\t<div class=\"elementor-column elementor-col-50 elementor-top-column elementor-element elementor-element-d1cc8ce\" data-id=\"d1cc8ce\" data-element_type=\"column\">\n\t\t\t<div class=\"elementor-widget-wrap elementor-element-populated\">\n\t\t\t\t\t\t\t\t<div class=\"elementor-element elementor-element-f6ea5f6 elementor-widget elementor-widget-heading\" data-id=\"f6ea5f6\" data-element_type=\"widget\" data-widget_type=\"heading.default\">\n\t\t\t\t<div class=\"elementor-widget-container\">\n\t\t\t<h2 class=\"elementor-heading-title elementor-size-default\">Au cr\u00e9puscule de l'hiver<\/h2>\t\t<\/div>\n\t\t\t\t<\/div>\n\t\t\t\t<div class=\"elementor-element elementor-element-6b6611e elementor-widget elementor-widget-text-editor\" data-id=\"6b6611e\" data-element_type=\"widget\" data-widget_type=\"text-editor.default\">\n\t\t\t\t<div class=\"elementor-widget-container\">\n\t\t\t\t\t\t\t<p><strong style=\"font-family: var( --e-global-typography-text-font-family ), Sans-serif; text-transform: initial;\">Il est le feu, elle est glace. Ils ne peuvent pas se rencontrer, mais vont devoir collaborer.<\/strong><\/p><p>Liam est n\u00e9 lors du solstice d\u2019\u00e9t\u00e9, Nora lors de celui d\u2019hiver. Ils sont les descendants de deux familles rivales de Gardiens \u00e9l\u00e9mentaires charg\u00e9es depuis des mill\u00e9naires de veiller sur le cycle des saisons.<\/p><p>Liam et Nora se sont rencontr\u00e9s lors d\u2019un congr\u00e8s universitaire et sont tomb\u00e9s \u00e9perdument amoureux, sans se douter de l\u2019identit\u00e9 de l\u2019autre. Mais, alors que les jeunes amants atteignent leur majorit\u00e9 et entrent en pleine possession de leurs dons, les grandes villes du monde subissent des catastrophes climatiques d\u2019une origine inconnue, faisant ressurgir les tensions divisant l\u2019hiver et l\u2019\u00e9t\u00e9. Dans ce climat particulier, Liam et Nora devront alors collaborer en tant que Gardiens\u2026<\/p><p>Les deux h\u00e9ritiers que tout oppose parviendront-ils \u00e0 restaurer la paix, ou le conflit ancestral qui d\u00e9chire leurs familles aura-t-il raison d\u2019eux ?<\/p>\t\t\t\t\t\t<\/div>\n\t\t\t\t<\/div>\n\t\t\t\t<div class=\"elementor-element elementor-element-cf7b7d7 elementor-widget elementor-widget-button\" data-id=\"cf7b7d7\" data-element_type=\"widget\" data-widget_type=\"button.default\">\n\t\t\t\t<div class=\"elementor-widget-container\">\n\t\t\t\t\t<div class=\"elementor-button-wrapper\">\n\t\t\t<a href=\"https:\/\/editionsbookmark.com\/products\/marie-f-florie-heritiers-du-solstice-au-crepuscule-de-l-hiver\" class=\"elementor-button-link elementor-button elementor-size-sm\" role=\"button\">\n\t\t\t\t\t\t<span class=\"elementor-button-content-wrapper\">\n\t\t\t\t\t\t<span class=\"elementor-button-text\">Voir sur le site de BookMark<\/span>\n\t\t<\/span>\n\t\t\t\t\t<\/a>\n\t\t<\/div>\n\t\t\t\t<\/div>\n\t\t\t\t<\/div>\n\t\t\t\t\t<\/div>\n\t\t<\/div>\n\t\t\t\t\t\t\t<\/div>\n\t\t<\/section>\n\t\t\t\t<section class=\"elementor-section elementor-top-section elementor-element elementor-element-e3af0f1 elementor-section-boxed elementor-section-height-default elementor-section-height-default\" data-id=\"e3af0f1\" data-element_type=\"section\">\n\t\t\t\t\t\t<div class=\"elementor-container elementor-column-gap-default\">\n\t\t\t\t\t<div class=\"elementor-column elementor-col-100 elementor-top-column elementor-element elementor-element-10dabd1\" data-id=\"10dabd1\" data-element_type=\"column\">\n\t\t\t<div class=\"elementor-widget-wrap elementor-element-populated\">\n\t\t\t\t\t\t\t\t<div class=\"elementor-element elementor-element-4976d1a elementor-widget elementor-widget-spacer\" data-id=\"4976d1a\" data-element_type=\"widget\" data-widget_type=\"spacer.default\">\n\t\t\t\t<div class=\"elementor-widget-container\">\n\t\t\t\t\t<div class=\"elementor-spacer\">\n\t\t\t<div class=\"elementor-spacer-inner\"><\/div>\n\t\t<\/div>\n\t\t\t\t<\/div>\n\t\t\t\t<\/div>\n\t\t\t\t<div class=\"elementor-element elementor-element-84e9e72 elementor-widget elementor-widget-heading\" data-id=\"84e9e72\" data-element_type=\"widget\" data-widget_type=\"heading.default\">\n\t\t\t\t<div class=\"elementor-widget-container\">\n\t\t\t<h2 class=\"elementor-heading-title elementor-size-default\">Plongez dans une magie des quatre saisons et des quatre \u00e9l\u00e9ments<\/h2>\t\t<\/div>\n\t\t\t\t<\/div>\n\t\t\t\t<div class=\"elementor-element elementor-element-1672a6d elementor-widget elementor-widget-text-editor\" data-id=\"1672a6d\" data-element_type=\"widget\" data-widget_type=\"text-editor.default\">\n\t\t\t\t<div class=\"elementor-widget-container\">\n\t\t\t\t\t\t\t<p>Au Cr\u00e9puscule de l&#8217;hiver est le premier tome de ma saga d&#8217;Urban Fantasy : H\u00e9ritiers du Solstice. Cette duologie s&#8217;inscrit dans le grand genre de l&#8217;imaginaire et s&#8217;adresse \u00e0 un public jeune adulte et adulte. Vous y voyagerez au fil des saisons en suivant Eleonora et Eliam, tous deux h\u00e9ritiers des des clans de l&#8217;hiver et de l&#8217;\u00e9t\u00e9. Au programme, une romance interdite qui tient le lecteur jusqu&#8217;\u00e0 la derni\u00e8re page, une magie originale bas\u00e9e sur les saisons et les \u00e9l\u00e9ments, des personnages principaux et secondaires attachants qui vous accompagneront tout au long des 440 pages de ce tome 1.<\/p>\t\t\t\t\t\t<\/div>\n\t\t\t\t<\/div>\n\t\t\t\t<div class=\"elementor-element elementor-element-48b1c57 elementor-align-center elementor-widget elementor-widget-button\" data-id=\"48b1c57\" data-element_type=\"widget\" data-widget_type=\"button.default\">\n\t\t\t\t<div class=\"elementor-widget-container\">\n\t\t\t\t\t<div class=\"elementor-button-wrapper\">\n\t\t\t<a href=\"https:\/\/booknode.com\/heritiers_du_solstice_tome_1_au_crepuscule_de_lhiver_03491706\" class=\"elementor-button-link elementor-button elementor-size-sm\" role=\"button\">\n\t\t\t\t\t\t<span class=\"elementor-button-content-wrapper\">\n\t\t\t\t\t\t<span class=\"elementor-button-text\">Ajouter \u00e0 votre PAL BookNode<\/span>\n\t\t<\/span>\n\t\t\t\t\t<\/a>\n\t\t<\/div>\n\t\t\t\t<\/div>\n\t\t\t\t<\/div>\n\t\t\t\t<div class=\"elementor-element elementor-element-d55eca9 elementor-widget elementor-widget-spacer\" data-id=\"d55eca9\" data-element_type=\"widget\" data-widget_type=\"spacer.default\">\n\t\t\t\t<div class=\"elementor-widget-container\">\n\t\t\t\t\t<div class=\"elementor-spacer\">\n\t\t\t<div class=\"elementor-spacer-inner\"><\/div>\n\t\t<\/div>\n\t\t\t\t<\/div>\n\t\t\t\t<\/div>\n\t\t\t\t\t<\/div>\n\t\t<\/div>\n\t\t\t\t\t\t\t<\/div>\n\t\t<\/section>\n\t\t\t\t<section class=\"elementor-section elementor-top-section elementor-element elementor-element-ab7d9c1 elementor-section-boxed elementor-section-height-default elementor-section-height-default\" data-id=\"ab7d9c1\" data-element_type=\"section\">\n\t\t\t\t\t\t<div class=\"elementor-container elementor-column-gap-default\">\n\t\t\t\t\t<div class=\"elementor-column elementor-col-100 elementor-top-column elementor-element elementor-element-058f59b\" data-id=\"058f59b\" data-element_type=\"column\">\n\t\t\t<div class=\"elementor-widget-wrap elementor-element-populated\">\n\t\t\t\t\t\t\t\t<div class=\"elementor-element elementor-element-e1529a1 elementor-widget elementor-widget-heading\" data-id=\"e1529a1\" data-element_type=\"widget\" data-widget_type=\"heading.default\">\n\t\t\t\t<div class=\"elementor-widget-container\">\n\t\t\t<h2 class=\"elementor-heading-title elementor-size-default\">Les avis des lecteurices<\/h2>\t\t<\/div>\n\t\t\t\t<\/div>\n\t\t\t\t\t<\/div>\n\t\t<\/div>\n\t\t\t\t\t\t\t<\/div>\n\t\t<\/section>\n\t\t\t\t<section class=\"elementor-section elementor-top-section elementor-element elementor-element-333bcfc elementor-section-boxed elementor-section-height-default elementor-section-height-default\" data-id=\"333bcfc\" data-element_type=\"section\">\n\t\t\t\t\t\t<div class=\"elementor-container elementor-column-gap-default\">\n\t\t\t\t\t<div class=\"elementor-column elementor-col-33 elementor-top-column elementor-element elementor-element-b122b10\" data-id=\"b122b10\" data-element_type=\"column\">\n\t\t\t<div class=\"elementor-widget-wrap elementor-element-populated\">\n\t\t\t\t\t\t\t\t<div class=\"elementor-element elementor-element-2ca0c7d elementor-widget elementor-widget-testimonial\" data-id=\"2ca0c7d\" data-element_type=\"widget\" data-widget_type=\"testimonial.default\">\n\t\t\t\t<div class=\"elementor-widget-container\">\n\t\t\t\t\t<div class=\"elementor-testimonial-wrapper\">\n\t\t\t\t\t\t\t<div class=\"elementor-testimonial-content\">\"Avec ce r\u00e9cit, on est plong\u00e9 dans un univers d\u2019Urban Fantasy, dans une ambiance teint\u00e9e de magie li\u00e9es au quatre saisons \u2744\ufe0f\u2600\ufe0f\ud83c\udf41\ud83c\udf43!\n\n\ud83d\udc9e L\u2019histoire est entra\u00eenante, plein de rebondissement\"\n\n<\/div>\n\t\t\t\n\t\t\t\t\t\t<div class=\"elementor-testimonial-meta elementor-has-image elementor-testimonial-image-position-aside\">\n\t\t\t\t<div class=\"elementor-testimonial-meta-inner\">\n\t\t\t\t\t\t\t\t\t\t\t<div class=\"elementor-testimonial-image\">\n\t\t\t\t\t\t\t<img width=\"60\" height=\"60\" src=\"https:\/\/parolesdeplumes.com\/wp-content\/uploads\/2023\/09\/sa.jpeg\" class=\"attachment-full size-full\" alt=\"\" loading=\"lazy\" \/>\t\t\t\t\t\t<\/div>\n\t\t\t\t\t\n\t\t\t\t\t\t\t\t\t\t<div class=\"elementor-testimonial-details\">\n\t\t\t\t\t\t\t\t\t\t\t\t\t\t<div class=\"elementor-testimonial-name\"><a href=\"https:\/\/booknode.com\/profil\/caroline-3619\" style=\"background-color: rgb(245, 245, 245); color: rgb(90, 61, 62); font-family: &quot;Helvetica Neue&quot;, Helvetica, Arial, sans-serif; font-weight: 400; white-space-collapse: collapse;\">caroline-3619<\/a><\/div>\n\t\t\t\t\t\t\t\t\t\t\t\t\t\t\t\t\t\t\t\t\t\t<div class=\"elementor-testimonial-job\">BookNode<\/div>\n\t\t\t\t\t\t\t\t\t\t\t\t\t<\/div>\n\t\t\t\t\t\t\t\t\t<\/div>\n\t\t\t<\/div>\n\t\t\t\t\t<\/div>\n\t\t\t\t<\/div>\n\t\t\t\t<\/div>\n\t\t\t\t\t<\/div>\n\t\t<\/div>\n\t\t\t\t<div class=\"elementor-column elementor-col-33 elementor-top-column elementor-element elementor-element-e5890cc\" data-id=\"e5890cc\" data-element_type=\"column\">\n\t\t\t<div class=\"elementor-widget-wrap elementor-element-populated\">\n\t\t\t\t\t\t\t\t<div class=\"elementor-element elementor-element-f28e174 elementor-widget elementor-widget-testimonial\" data-id=\"f28e174\" data-element_type=\"widget\" data-widget_type=\"testimonial.default\">\n\t\t\t\t<div class=\"elementor-widget-container\">\n\t\t\t\t\t<div class=\"elementor-testimonial-wrapper\">\n\t\t\t\t\t\t\t<div class=\"elementor-testimonial-content\">\"J'ai ador\u00e9 cette lecture du d\u00e9but \u00e0 la fin !\n\nJ'ai craqu\u00e9 avant m\u00eame de lire le r\u00e9sum\u00e9 d\u00e9j\u00e0 pour le concept en lui-m\u00eame. \nL'autrice nous livre une parfait histoire m\u00ealant amiti\u00e9, famille, responsabilit\u00e9 et relation amoureuse dans un joyeux combo.\"<\/div>\n\t\t\t\n\t\t\t\t\t\t<div class=\"elementor-testimonial-meta elementor-has-image elementor-testimonial-image-position-aside\">\n\t\t\t\t<div class=\"elementor-testimonial-meta-inner\">\n\t\t\t\t\t\t\t\t\t\t\t<div class=\"elementor-testimonial-image\">\n\t\t\t\t\t\t\t<img width=\"50\" height=\"60\" src=\"https:\/\/parolesdeplumes.com\/wp-content\/uploads\/2023\/09\/sa-1.png\" class=\"attachment-full size-full\" alt=\"\" loading=\"lazy\" \/>\t\t\t\t\t\t<\/div>\n\t\t\t\t\t\n\t\t\t\t\t\t\t\t\t\t<div class=\"elementor-testimonial-details\">\n\t\t\t\t\t\t\t\t\t\t\t\t\t\t<div class=\"elementor-testimonial-name\"><a href=\"https:\/\/booknode.com\/profil\/MGT_\" style=\"background-color: rgb(245, 245, 245); color: rgb(44, 30, 31); text-decoration-line: underline; outline: 0px; font-family: &quot;Helvetica Neue&quot;, Helvetica, Arial, sans-serif; font-weight: 400; white-space-collapse: collapse;\">MGT_<\/a><\/div>\n\t\t\t\t\t\t\t\t\t\t\t\t\t\t\t\t\t\t\t\t\t\t<div class=\"elementor-testimonial-job\">BookNode<\/div>\n\t\t\t\t\t\t\t\t\t\t\t\t\t<\/div>\n\t\t\t\t\t\t\t\t\t<\/div>\n\t\t\t<\/div>\n\t\t\t\t\t<\/div>\n\t\t\t\t<\/div>\n\t\t\t\t<\/div>\n\t\t\t\t\t<\/div>\n\t\t<\/div>\n\t\t\t\t<div class=\"elementor-column elementor-col-33 elementor-top-column elementor-element elementor-element-db787f1\" data-id=\"db787f1\" data-element_type=\"column\">\n\t\t\t<div class=\"elementor-widget-wrap elementor-element-populated\">\n\t\t\t\t\t\t\t\t<div class=\"elementor-element elementor-element-9c7a6f8 elementor-widget elementor-widget-testimonial\" data-id=\"9c7a6f8\" data-element_type=\"widget\" data-widget_type=\"testimonial.default\">\n\t\t\t\t<div class=\"elementor-widget-container\">\n\t\t\t\t\t<div class=\"elementor-testimonial-wrapper\">\n\t\t\t\t\t\t\t<div class=\"elementor-testimonial-content\">\"L'attente du tome 2 est insoutenable et la patience sera de mise pour d\u00e9couvrir la suite des aventures des h\u00e9ritiers du solstice.\n\nJe le conseille vivement, c'\u00e9tait un excellent moment de lecture.\"<\/div>\n\t\t\t\n\t\t\t\t\t\t<div class=\"elementor-testimonial-meta elementor-has-image elementor-testimonial-image-position-aside\">\n\t\t\t\t<div class=\"elementor-testimonial-meta-inner\">\n\t\t\t\t\t\t\t\t\t\t\t<div class=\"elementor-testimonial-image\">\n\t\t\t\t\t\t\t<img width=\"60\" height=\"60\" src=\"https:\/\/parolesdeplumes.com\/wp-content\/uploads\/2023\/09\/sa.png\" class=\"attachment-full size-full\" alt=\"\" loading=\"lazy\" \/>\t\t\t\t\t\t<\/div>\n\t\t\t\t\t\n\t\t\t\t\t\t\t\t\t\t<div class=\"elementor-testimonial-details\">\n\t\t\t\t\t\t\t\t\t\t\t\t\t\t<div class=\"elementor-testimonial-name\"><a href=\"https:\/\/booknode.com\/profil\/CyrielleMesTrucsAmoi\" style=\"background-color: rgb(245, 245, 245); color: rgb(90, 61, 62); font-family: &quot;Helvetica Neue&quot;, Helvetica, Arial, sans-serif; font-weight: 400; white-space-collapse: collapse;\">CyrielleMesTrucsAmoi<\/a><span style=\"color: rgb(51, 51, 51); font-family: &quot;Helvetica Neue&quot;, Helvetica, Arial, sans-serif; font-weight: 400; white-space-collapse: collapse; background-color: rgb(245, 245, 245);\">&nbsp;<\/span><\/div>\n\t\t\t\t\t\t\t\t\t\t\t\t\t\t\t\t\t\t\t\t\t\t<div class=\"elementor-testimonial-job\">BookNode<\/div>\n\t\t\t\t\t\t\t\t\t\t\t\t\t<\/div>\n\t\t\t\t\t\t\t\t\t<\/div>\n\t\t\t<\/div>\n\t\t\t\t\t<\/div>\n\t\t\t\t<\/div>\n\t\t\t\t<\/div>\n\t\t\t\t\t<\/div>\n\t\t<\/div>\n\t\t\t\t\t\t\t<\/div>\n\t\t<\/section>\n\t\t\t\t<section class=\"elementor-section elementor-top-section elementor-element elementor-element-111f320 elementor-section-boxed elementor-section-height-default elementor-section-height-default\" data-id=\"111f320\" data-element_type=\"section\">\n\t\t\t\t\t\t<div class=\"elementor-container elementor-column-gap-default\">\n\t\t\t\t\t<div class=\"elementor-column elementor-col-100 elementor-top-column elementor-element elementor-element-909a093\" data-id=\"909a093\" data-element_type=\"column\">\n\t\t\t<div class=\"elementor-widget-wrap elementor-element-populated\">\n\t\t\t\t\t\t\t\t<div class=\"elementor-element elementor-element-9f01bb7 elementor-widget elementor-widget-spacer\" data-id=\"9f01bb7\" data-element_type=\"widget\" data-widget_type=\"spacer.default\">\n\t\t\t\t<div class=\"elementor-widget-container\">\n\t\t\t\t\t<div class=\"elementor-spacer\">\n\t\t\t<div class=\"elementor-spacer-inner\"><\/div>\n\t\t<\/div>\n\t\t\t\t<\/div>\n\t\t\t\t<\/div>\n\t\t\t\t\t<\/div>\n\t\t<\/div>\n\t\t\t\t\t\t\t<\/div>\n\t\t<\/section>\n\t\t\t\t<section class=\"elementor-section elementor-top-section elementor-element elementor-element-9d9cf72 elementor-section-boxed elementor-section-height-default elementor-section-height-default\" data-id=\"9d9cf72\" data-element_type=\"section\">\n\t\t\t\t\t\t<div class=\"elementor-container elementor-column-gap-default\">\n\t\t\t\t\t<div class=\"elementor-column elementor-col-100 elementor-top-column elementor-element elementor-element-2b5fe44\" data-id=\"2b5fe44\" data-element_type=\"column\">\n\t\t\t<div class=\"elementor-widget-wrap elementor-element-populated\">\n\t\t\t\t\t\t\t\t<div class=\"elementor-element elementor-element-9d357b4 elementor-widget elementor-widget-heading\" data-id=\"9d357b4\" data-element_type=\"widget\" data-widget_type=\"heading.default\">\n\t\t\t\t<div class=\"elementor-widget-container\">\n\t\t\t<h2 class=\"elementor-heading-title elementor-size-default\">Commandez Au Cr\u00e9puscule de L'hiver<\/h2>\t\t<\/div>\n\t\t\t\t<\/div>\n\t\t\t\t\t<\/div>\n\t\t<\/div>\n\t\t\t\t\t\t\t<\/div>\n\t\t<\/section>\n\t\t\t\t<section class=\"elementor-section elementor-top-section elementor-element elementor-element-7938bfd elementor-section-boxed elementor-section-height-default elementor-section-height-default\" data-id=\"7938bfd\" data-element_type=\"section\">\n\t\t\t\t\t\t<div class=\"elementor-container elementor-column-gap-default\">\n\t\t\t\t\t<div class=\"elementor-column elementor-col-100 elementor-top-column elementor-element elementor-element-eda3670\" data-id=\"eda3670\" data-element_type=\"column\">\n\t\t\t<div class=\"elementor-widget-wrap elementor-element-populated\">\n\t\t\t\t\t\t\t\t<div class=\"elementor-element elementor-element-a82b751 elementor-widget elementor-widget-spacer\" data-id=\"a82b751\" data-element_type=\"widget\" data-widget_type=\"spacer.default\">\n\t\t\t\t<div class=\"elementor-widget-container\">\n\t\t\t\t\t<div class=\"elementor-spacer\">\n\t\t\t<div class=\"elementor-spacer-inner\"><\/div>\n\t\t<\/div>\n\t\t\t\t<\/div>\n\t\t\t\t<\/div>\n\t\t\t\t\t<\/div>\n\t\t<\/div>\n\t\t\t\t\t\t\t<\/div>\n\t\t<\/section>\n\t\t\t\t<section class=\"elementor-section elementor-top-section elementor-element elementor-element-ecad445 elementor-section-boxed elementor-section-height-default elementor-section-height-default\" data-id=\"ecad445\" data-element_type=\"section\">\n\t\t\t\t\t\t<div class=\"elementor-container elementor-column-gap-default\">\n\t\t\t\t\t<div class=\"elementor-column elementor-col-33 elementor-top-column elementor-element elementor-element-b887059\" data-id=\"b887059\" data-element_type=\"column\">\n\t\t\t<div class=\"elementor-widget-wrap elementor-element-populated\">\n\t\t\t\t\t\t\t\t<div class=\"elementor-element elementor-element-5b6f57c elementor-align-center elementor-widget elementor-widget-button\" data-id=\"5b6f57c\" data-element_type=\"widget\" data-widget_type=\"button.default\">\n\t\t\t\t<div class=\"elementor-widget-container\">\n\t\t\t\t\t<div class=\"elementor-button-wrapper\">\n\t\t\t<a href=\"https:\/\/editionsbookmark.com\/\" class=\"elementor-button-link elementor-button elementor-size-sm\" role=\"button\">\n\t\t\t\t\t\t<span class=\"elementor-button-content-wrapper\">\n\t\t\t\t\t\t<span class=\"elementor-button-text\">sur BookMark<\/span>\n\t\t<\/span>\n\t\t\t\t\t<\/a>\n\t\t<\/div>\n\t\t\t\t<\/div>\n\t\t\t\t<\/div>\n\t\t\t\t\t<\/div>\n\t\t<\/div>\n\t\t\t\t<div class=\"elementor-column elementor-col-33 elementor-top-column elementor-element elementor-element-f1cf714\" data-id=\"f1cf714\" data-element_type=\"column\">\n\t\t\t<div class=\"elementor-widget-wrap elementor-element-populated\">\n\t\t\t\t\t\t\t\t<div class=\"elementor-element elementor-element-75b9936 elementor-align-center elementor-widget elementor-widget-button\" data-id=\"75b9936\" data-element_type=\"widget\" data-widget_type=\"button.default\">\n\t\t\t\t<div class=\"elementor-widget-container\">\n\t\t\t\t\t<div class=\"elementor-button-wrapper\">\n\t\t\t<a href=\"https:\/\/www.fnac.com\/a17769885\/Marie-F-Florie-Au-crepuscule-de-l-hiver#omnsearchpos=1\" class=\"elementor-button-link elementor-button elementor-size-sm\" role=\"button\">\n\t\t\t\t\t\t<span class=\"elementor-button-content-wrapper\">\n\t\t\t\t\t\t<span class=\"elementor-button-text\">sur La Fnac<\/span>\n\t\t<\/span>\n\t\t\t\t\t<\/a>\n\t\t<\/div>\n\t\t\t\t<\/div>\n\t\t\t\t<\/div>\n\t\t\t\t\t<\/div>\n\t\t<\/div>\n\t\t\t\t<div class=\"elementor-column elementor-col-33 elementor-top-column elementor-element elementor-element-305d76f\" data-id=\"305d76f\" data-element_type=\"column\">\n\t\t\t<div class=\"elementor-widget-wrap elementor-element-populated\">\n\t\t\t\t\t\t\t\t<div class=\"elementor-element elementor-element-a099ff5 elementor-align-center elementor-widget elementor-widget-button\" data-id=\"a099ff5\" data-element_type=\"widget\" data-widget_type=\"button.default\">\n\t\t\t\t<div class=\"elementor-widget-container\">\n\t\t\t\t\t<div class=\"elementor-button-wrapper\">\n\t\t\t<a href=\"https:\/\/www.amazon.fr\/Au-cr%C3%A9puscule-lhiver-H%C3%A9ritiers-Solstice\/dp\/B0BVDZQDGL\/ref=sr_1_1?__mk_fr_FR=%C3%85M%C3%85%C5%BD%C3%95%C3%91&#038;crid=JO212F51VVYS&#038;keywords=Marie+F+Florie&#038;qid=1695641029&#038;sprefix=marie+f+florie%2Caps%2C75&#038;sr=8-1\" class=\"elementor-button-link elementor-button elementor-size-sm\" role=\"button\">\n\t\t\t\t\t\t<span class=\"elementor-button-content-wrapper\">\n\t\t\t\t\t\t<span class=\"elementor-button-text\">sur Amazon<\/span>\n\t\t<\/span>\n\t\t\t\t\t<\/a>\n\t\t<\/div>\n\t\t\t\t<\/div>\n\t\t\t\t<\/div>\n\t\t\t\t\t<\/div>\n\t\t<\/div>\n\t\t\t\t\t\t\t<\/div>\n\t\t<\/section>\n\t\t\t\t<section class=\"elementor-section elementor-top-section elementor-element elementor-element-9df2594 elementor-section-boxed elementor-section-height-default elementor-section-height-default\" data-id=\"9df2594\" data-element_type=\"section\">\n\t\t\t\t\t\t<div class=\"elementor-container elementor-column-gap-default\">\n\t\t\t\t\t<div class=\"elementor-column elementor-col-100 elementor-top-column elementor-element elementor-element-d2f167a\" data-id=\"d2f167a\" data-element_type=\"column\">\n\t\t\t<div class=\"elementor-widget-wrap elementor-element-populated\">\n\t\t\t\t\t\t\t\t<div class=\"elementor-element elementor-element-125b7c8 elementor-widget elementor-widget-spacer\" data-id=\"125b7c8\" data-element_type=\"widget\" data-widget_type=\"spacer.default\">\n\t\t\t\t<div class=\"elementor-widget-container\">\n\t\t\t\t\t<div class=\"elementor-spacer\">\n\t\t\t<div class=\"elementor-spacer-inner\"><\/div>\n\t\t<\/div>\n\t\t\t\t<\/div>\n\t\t\t\t<\/div>\n\t\t\t\t\t<\/div>\n\t\t<\/div>\n\t\t\t\t\t\t\t<\/div>\n\t\t<\/section>\n\t\t\t\t<section class=\"elementor-section elementor-top-section elementor-element elementor-element-d78b2cc elementor-section-boxed elementor-section-height-default elementor-section-height-default\" data-id=\"d78b2cc\" data-element_type=\"section\">\n\t\t\t\t\t\t<div class=\"elementor-container elementor-column-gap-default\">\n\t\t\t\t\t<div class=\"elementor-column elementor-col-66 elementor-top-column elementor-element elementor-element-f90851c\" data-id=\"f90851c\" data-element_type=\"column\">\n\t\t\t<div class=\"elementor-widget-wrap elementor-element-populated\">\n\t\t\t\t\t\t\t\t<div class=\"elementor-element elementor-element-e0b088a elementor-widget elementor-widget-image\" data-id=\"e0b088a\" data-element_type=\"widget\" data-widget_type=\"image.default\">\n\t\t\t\t<div class=\"elementor-widget-container\">\n\t\t\t\t\t\t\t\t\t\t\t\t\t\t\t<img width=\"1024\" height=\"724\" src=\"https:\/\/parolesdeplumes.com\/wp-content\/uploads\/2023\/09\/HDS-couleurs-FINAL-3-1024x724.jpg\" class=\"attachment-large size-large\" alt=\"\" loading=\"lazy\" srcset=\"https:\/\/parolesdeplumes.com\/wp-content\/uploads\/2023\/09\/HDS-couleurs-FINAL-3-1024x724.jpg 1024w, https:\/\/parolesdeplumes.com\/wp-content\/uploads\/2023\/09\/HDS-couleurs-FINAL-3-300x212.jpg 300w, https:\/\/parolesdeplumes.com\/wp-content\/uploads\/2023\/09\/HDS-couleurs-FINAL-3-768x543.jpg 768w, https:\/\/parolesdeplumes.com\/wp-content\/uploads\/2023\/09\/HDS-couleurs-FINAL-3-1536x1086.jpg 1536w, https:\/\/parolesdeplumes.com\/wp-content\/uploads\/2023\/09\/HDS-couleurs-FINAL-3-2048x1448.jpg 2048w, https:\/\/parolesdeplumes.com\/wp-content\/uploads\/2023\/09\/HDS-couleurs-FINAL-3-700x495.jpg 700w\" sizes=\"(max-width: 1024px) 100vw, 1024px\" \/>\t\t\t\t\t\t\t\t\t\t\t\t\t\t\t<\/div>\n\t\t\t\t<\/div>\n\t\t\t\t\t<\/div>\n\t\t<\/div>\n\t\t\t\t<div class=\"elementor-column elementor-col-33 elementor-top-column elementor-element elementor-element-86158f5\" data-id=\"86158f5\" data-element_type=\"column\">\n\t\t\t<div class=\"elementor-widget-wrap elementor-element-populated\">\n\t\t\t\t\t\t\t\t<div class=\"elementor-element elementor-element-62bc04d elementor-widget elementor-widget-heading\" data-id=\"62bc04d\" data-element_type=\"widget\" data-widget_type=\"heading.default\">\n\t\t\t\t<div class=\"elementor-widget-container\">\n\t\t\t<h2 class=\"elementor-heading-title elementor-size-default\">Entrez dans l'univers des Gardiens des Saisons<\/h2>\t\t<\/div>\n\t\t\t\t<\/div>\n\t\t\t\t<div class=\"elementor-element elementor-element-25f6ccb elementor-widget elementor-widget-text-editor\" data-id=\"25f6ccb\" data-element_type=\"widget\" data-widget_type=\"text-editor.default\">\n\t\t\t\t<div class=\"elementor-widget-container\">\n\t\t\t\t\t\t\t<p>\u00a0<\/p><p>Rejoignez les Gardiens des saisons : Printemps, \u00c9t\u00e9, Automne, Hiver ! Pour savoir \u00e0 quelle famille vous appartenez, faites le test en cliquant sur le bouton juste en dessus.\u00a0<\/p><p>\u00a0<\/p>\t\t\t\t\t\t<\/div>\n\t\t\t\t<\/div>\n\t\t\t\t<div class=\"elementor-element elementor-element-c2727a1 elementor-align-center elementor-widget elementor-widget-button\" data-id=\"c2727a1\" data-element_type=\"widget\" data-widget_type=\"button.default\">\n\t\t\t\t<div class=\"elementor-widget-container\">\n\t\t\t\t\t<div class=\"elementor-button-wrapper\">\n\t\t\t<a href=\"https:\/\/parolesdeplumes.com\/index.php\/elementor-4330\/\" class=\"elementor-button-link elementor-button elementor-size-sm\" role=\"button\">\n\t\t\t\t\t\t<span class=\"elementor-button-content-wrapper\">\n\t\t\t\t\t\t<span class=\"elementor-button-text\">Faire le test<\/span>\n\t\t<\/span>\n\t\t\t\t\t<\/a>\n\t\t<\/div>\n\t\t\t\t<\/div>\n\t\t\t\t<\/div>\n\t\t\t\t\t<\/div>\n\t\t<\/div>\n\t\t\t\t\t\t\t<\/div>\n\t\t<\/section>\n\t\t\t\t\t\t\t<\/div>\n\t\t","protected":false},"excerpt":{"rendered":"<p>Au cr\u00e9puscule de l&#8217;hiver Il est le feu, elle est glace. Ils ne peuvent pas se rencontrer, mais vont devoir collaborer. Liam est n\u00e9 lors du solstice d\u2019\u00e9t\u00e9, Nora lors de celui d\u2019hiver. Ils sont les descendants de deux familles rivales de Gardiens \u00e9l\u00e9mentaires charg\u00e9es depuis des mill\u00e9naires de veiller sur le cycle des saisons.<\/p>\n<a class=\"button more-link\" href=\"https:\/\/parolesdeplumes.com\/index.php\/au-crepuscule-de-lhiver\/\">Read More<\/a>","protected":false},"author":1,"featured_media":0,"parent":0,"menu_order":0,"comment_status":"closed","ping_status":"closed","template":"","meta":{"_genesis_hide_title":false,"_genesis_hide_breadcrumbs":false,"_genesis_hide_singular_image":false,"_genesis_hide_footer_widgets":false,"_genesis_custom_body_class":"","_genesis_custom_post_class":"","_genesis_layout":""},"yoast_head":"<!-- This site is optimized with the Yoast SEO plugin v19.2 - https:\/\/yoast.com\/wordpress\/plugins\/seo\/ -->\n<title>H\u00e9ritiers du solstice, le premier roman de Marie F Florie<\/title>\n<meta name=\"description\" content=\"D\u00e9couvrez Au Cr\u00e9puscule de l&#039;hiver, k.e tome 1 de la saga H\u00e9ritiers du Solstice de Marie F Florie, \u00e0 paraitre en 2023 aux \u00e9ditions BookMark.\" \/>\n<meta name=\"robots\" content=\"index, follow, max-snippet:-1, max-image-preview:large, max-video-preview:-1\" \/>\n<link rel=\"canonical\" href=\"https:\/\/parolesdeplumes.com\/index.php\/au-crepuscule-de-lhiver\/\" \/>\n<meta property=\"og:locale\" content=\"en_US\" \/>\n<meta property=\"og:type\" content=\"article\" \/>\n<meta property=\"og:title\" content=\"H\u00e9ritiers du solstice, le premier roman de Marie F Florie\" \/>\n<meta property=\"og:description\" content=\"D\u00e9couvrez Au Cr\u00e9puscule de l&#039;hiver, k.e tome 1 de la saga H\u00e9ritiers du Solstice de Marie F Florie, \u00e0 paraitre en 2023 aux \u00e9ditions BookMark.\" \/>\n<meta property=\"og:url\" content=\"https:\/\/parolesdeplumes.com\/index.php\/au-crepuscule-de-lhiver\/\" \/>\n<meta property=\"og:site_name\" content=\"Paroles de plumes\" \/>\n<meta property=\"article:modified_time\" content=\"2023-09-25T11:44:21+00:00\" \/>\n<meta property=\"og:image\" content=\"https:\/\/parolesdeplumes.com\/wp-content\/uploads\/2023\/03\/FLORIE-F-Marie-Heritiers-du-Solstice-657x1024.jpg\" \/>\n<meta name=\"author\" content=\"Marie F Florie\" \/>\n<meta name=\"twitter:card\" content=\"summary_large_image\" \/>\n<meta name=\"twitter:label1\" content=\"Est. reading time\" \/>\n\t<meta name=\"twitter:data1\" content=\"3 minutes\" \/>\n<script type=\"application\/ld+json\" class=\"yoast-schema-graph\">{\"@context\":\"https:\/\/schema.org\",\"@graph\":[{\"@type\":\"WebSite\",\"@id\":\"https:\/\/parolesdeplumes.com\/#website\",\"url\":\"https:\/\/parolesdeplumes.com\/\",\"name\":\"Paroles de plumes\",\"description\":\"Le site qui aide les auteurs et maisons d&#039;\u00e9dition dans leur communication\",\"potentialAction\":[{\"@type\":\"SearchAction\",\"target\":{\"@type\":\"EntryPoint\",\"urlTemplate\":\"https:\/\/parolesdeplumes.com\/?s={search_term_string}\"},\"query-input\":\"required name=search_term_string\"}],\"inLanguage\":\"en-US\"},{\"@type\":\"ImageObject\",\"inLanguage\":\"en-US\",\"@id\":\"https:\/\/parolesdeplumes.com\/index.php\/au-crepuscule-de-lhiver\/#primaryimage\",\"url\":\"https:\/\/parolesdeplumes.com\/wp-content\/uploads\/2023\/03\/FLORIE-F-Marie-Heritiers-du-Solstice.jpg\",\"contentUrl\":\"https:\/\/parolesdeplumes.com\/wp-content\/uploads\/2023\/03\/FLORIE-F-Marie-Heritiers-du-Solstice.jpg\",\"width\":1600,\"height\":2493,\"caption\":\"Au cr\u00e9puscule de l'hiver\"},{\"@type\":\"WebPage\",\"@id\":\"https:\/\/parolesdeplumes.com\/index.php\/au-crepuscule-de-lhiver\/#webpage\",\"url\":\"https:\/\/parolesdeplumes.com\/index.php\/au-crepuscule-de-lhiver\/\",\"name\":\"H\u00e9ritiers du solstice, le premier roman de Marie F Florie\",\"isPartOf\":{\"@id\":\"https:\/\/parolesdeplumes.com\/#website\"},\"primaryImageOfPage\":{\"@id\":\"https:\/\/parolesdeplumes.com\/index.php\/au-crepuscule-de-lhiver\/#primaryimage\"},\"datePublished\":\"2023-03-01T10:53:54+00:00\",\"dateModified\":\"2023-09-25T11:44:21+00:00\",\"description\":\"D\u00e9couvrez Au Cr\u00e9puscule de l'hiver, k.e tome 1 de la saga H\u00e9ritiers du Solstice de Marie F Florie, \u00e0 paraitre en 2023 aux \u00e9ditions BookMark.\",\"breadcrumb\":{\"@id\":\"https:\/\/parolesdeplumes.com\/index.php\/au-crepuscule-de-lhiver\/#breadcrumb\"},\"inLanguage\":\"en-US\",\"potentialAction\":[{\"@type\":\"ReadAction\",\"target\":[\"https:\/\/parolesdeplumes.com\/index.php\/au-crepuscule-de-lhiver\/\"]}]},{\"@type\":\"BreadcrumbList\",\"@id\":\"https:\/\/parolesdeplumes.com\/index.php\/au-crepuscule-de-lhiver\/#breadcrumb\",\"itemListElement\":[{\"@type\":\"ListItem\",\"position\":1,\"name\":\"Accueil\",\"item\":\"https:\/\/parolesdeplumes.com\/\"},{\"@type\":\"ListItem\",\"position\":2,\"name\":\"H\u00e9ritiers du Solstice\"}]}]}<\/script>\n<!-- \/ Yoast SEO plugin. -->","yoast_head_json":{"title":"H\u00e9ritiers du solstice, le premier roman de Marie F Florie","description":"D\u00e9couvrez Au Cr\u00e9puscule de l'hiver, k.e tome 1 de la saga H\u00e9ritiers du Solstice de Marie F Florie, \u00e0 paraitre en 2023 aux \u00e9ditions BookMark.","robots":{"index":"index","follow":"follow","max-snippet":"max-snippet:-1","max-image-preview":"max-image-preview:large","max-video-preview":"max-video-preview:-1"},"canonical":"https:\/\/parolesdeplumes.com\/index.php\/au-crepuscule-de-lhiver\/","og_locale":"en_US","og_type":"article","og_title":"H\u00e9ritiers du solstice, le premier roman de Marie F Florie","og_description":"D\u00e9couvrez Au Cr\u00e9puscule de l'hiver, k.e tome 1 de la saga H\u00e9ritiers du Solstice de Marie F Florie, \u00e0 paraitre en 2023 aux \u00e9ditions BookMark.","og_url":"https:\/\/parolesdeplumes.com\/index.php\/au-crepuscule-de-lhiver\/","og_site_name":"Paroles de plumes","article_modified_time":"2023-09-25T11:44:21+00:00","og_image":[{"url":"https:\/\/parolesdeplumes.com\/wp-content\/uploads\/2023\/03\/FLORIE-F-Marie-Heritiers-du-Solstice-657x1024.jpg"}],"author":"Marie F Florie","twitter_card":"summary_large_image","twitter_misc":{"Est. reading time":"3 minutes"},"schema":{"@context":"https:\/\/schema.org","@graph":[{"@type":"WebSite","@id":"https:\/\/parolesdeplumes.com\/#website","url":"https:\/\/parolesdeplumes.com\/","name":"Paroles de plumes","description":"Le site qui aide les auteurs et maisons d&#039;\u00e9dition dans leur communication","potentialAction":[{"@type":"SearchAction","target":{"@type":"EntryPoint","urlTemplate":"https:\/\/parolesdeplumes.com\/?s={search_term_string}"},"query-input":"required name=search_term_string"}],"inLanguage":"en-US"},{"@type":"ImageObject","inLanguage":"en-US","@id":"https:\/\/parolesdeplumes.com\/index.php\/au-crepuscule-de-lhiver\/#primaryimage","url":"https:\/\/parolesdeplumes.com\/wp-content\/uploads\/2023\/03\/FLORIE-F-Marie-Heritiers-du-Solstice.jpg","contentUrl":"https:\/\/parolesdeplumes.com\/wp-content\/uploads\/2023\/03\/FLORIE-F-Marie-Heritiers-du-Solstice.jpg","width":1600,"height":2493,"caption":"Au cr\u00e9puscule de l'hiver"},{"@type":"WebPage","@id":"https:\/\/parolesdeplumes.com\/index.php\/au-crepuscule-de-lhiver\/#webpage","url":"https:\/\/parolesdeplumes.com\/index.php\/au-crepuscule-de-lhiver\/","name":"H\u00e9ritiers du solstice, le premier roman de Marie F Florie","isPartOf":{"@id":"https:\/\/parolesdeplumes.com\/#website"},"primaryImageOfPage":{"@id":"https:\/\/parolesdeplumes.com\/index.php\/au-crepuscule-de-lhiver\/#primaryimage"},"datePublished":"2023-03-01T10:53:54+00:00","dateModified":"2023-09-25T11:44:21+00:00","description":"D\u00e9couvrez Au Cr\u00e9puscule de l'hiver, k.e tome 1 de la saga H\u00e9ritiers du Solstice de Marie F Florie, \u00e0 paraitre en 2023 aux \u00e9ditions BookMark.","breadcrumb":{"@id":"https:\/\/parolesdeplumes.com\/index.php\/au-crepuscule-de-lhiver\/#breadcrumb"},"inLanguage":"en-US","potentialAction":[{"@type":"ReadAction","target":["https:\/\/parolesdeplumes.com\/index.php\/au-crepuscule-de-lhiver\/"]}]},{"@type":"BreadcrumbList","@id":"https:\/\/parolesdeplumes.com\/index.php\/au-crepuscule-de-lhiver\/#breadcrumb","itemListElement":[{"@type":"ListItem","position":1,"name":"Accueil","item":"https:\/\/parolesdeplumes.com\/"},{"@type":"ListItem","position":2,"name":"H\u00e9ritiers du Solstice"}]}]}},"_links":{"self":[{"href":"https:\/\/parolesdeplumes.com\/index.php\/wp-json\/wp\/v2\/pages\/4305"}],"collection":[{"href":"https:\/\/parolesdeplumes.com\/index.php\/wp-json\/wp\/v2\/pages"}],"about":[{"href":"https:\/\/parolesdeplumes.com\/index.php\/wp-json\/wp\/v2\/types\/page"}],"author":[{"embeddable":true,"href":"https:\/\/parolesdeplumes.com\/index.php\/wp-json\/wp\/v2\/users\/1"}],"replies":[{"embeddable":true,"href":"https:\/\/parolesdeplumes.com\/index.php\/wp-json\/wp\/v2\/comments?post=4305"}],"version-history":[{"count":18,"href":"https:\/\/parolesdeplumes.com\/index.php\/wp-json\/wp\/v2\/pages\/4305\/revisions"}],"predecessor-version":[{"id":4375,"href":"https:\/\/parolesdeplumes.com\/index.php\/wp-json\/wp\/v2\/pages\/4305\/revisions\/4375"}],"wp:attachment":[{"href":"https:\/\/parolesdeplumes.com\/index.php\/wp-json\/wp\/v2\/media?parent=4305"}],"curies":[{"name":"wp","href":"https:\/\/api.w.org\/{rel}","templated":true}]}}